{"id":1404,"date":"2025-03-25T21:54:47","date_gmt":"2025-03-25T21:54:47","guid":{"rendered":"http:\/\/e-uaem.mx\/portal02\/?page_id=1404"},"modified":"2025-10-20T20:19:11","modified_gmt":"2025-10-20T20:19:11","slug":"formacion","status":"publish","type":"page","link":"https:\/\/e-uaem.mx\/portal02\/index.php\/formacion\/","title":{"rendered":"Formaci\u00f3n docente"},"content":{"rendered":"\t\t<div data-elementor-type=\"wp-page\" data-elementor-id=\"1404\" class=\"elementor elementor-1404\">\n\t\t\t\t<div class=\"elementor-element elementor-element-20c893e e-flex e-con-boxed e-con e-parent\" data-id=\"20c893e\" data-element_type=\"container\">\n\t\t\t\t\t<div class=\"e-con-inner\">\n\t\t\t\t<div class=\"elementor-element elementor-element-893b19d elementor-widget elementor-widget-spacer\" data-id=\"893b19d\" data-element_type=\"widget\" data-widget_type=\"spacer.default\">\n\t\t\t\t<div class=\"elementor-widget-container\">\n\t\t\t\t\t\t\t<div class=\"elementor-spacer\">\n\t\t\t<div class=\"elementor-spacer-inner\"><\/div>\n\t\t<\/div>\n\t\t\t\t\t\t<\/div>\n\t\t\t\t<\/div>\n\t\t\t\t\t<\/div>\n\t\t\t\t<\/div>\n\t\t<div class=\"elementor-element elementor-element-894afff e-flex e-con-boxed e-con e-parent\" data-id=\"894afff\" data-element_type=\"container\">\n\t\t\t\t\t<div class=\"e-con-inner\">\n\t\t\t\t<div class=\"elementor-element elementor-element-8bc824d elementor-widget elementor-widget-text-editor\" data-id=\"8bc824d\" data-element_type=\"widget\" data-widget_type=\"text-editor.default\">\n\t\t\t\t<div class=\"elementor-widget-container\">\n\t\t\t\t\t\t\t\t\t<p style=\"font-size: 2rem;\">    La formaci\u00f3n docente se centra en el desarrollo de competencias digitales, pedag\u00f3gicas y transversales. Esta formaci\u00f3n fomenta el uso de herramientas tecnol\u00f3gicas y estrategias did\u00e1cticas innovadoras, prepara a los docentes para la tutor\u00eda virtual y la mediaci\u00f3n en entornos digitales, e integra el acompa\u00f1amiento multimodal. Con este enfoque integral, inclusivo y adaptable a las modalidades presencial, h\u00edbrida y virtual, se busca fortalecer la pr\u00e1ctica educativa.<\/p>\t\t\t\t\t\t\t\t<\/div>\n\t\t\t\t<\/div>\n\t\t\t\t\t<\/div>\n\t\t\t\t<\/div>\n\t\t<div class=\"elementor-element elementor-element-cdd2c01 e-flex e-con-boxed e-con e-parent\" data-id=\"cdd2c01\" data-element_type=\"container\">\n\t\t\t\t\t<div class=\"e-con-inner\">\n\t\t\t\t<div class=\"elementor-element elementor-element-eea8f9d elementor-widget elementor-widget-spacer\" data-id=\"eea8f9d\" data-element_type=\"widget\" data-widget_type=\"spacer.default\">\n\t\t\t\t<div class=\"elementor-widget-container\">\n\t\t\t\t\t\t\t<div class=\"elementor-spacer\">\n\t\t\t<div class=\"elementor-spacer-inner\"><\/div>\n\t\t<\/div>\n\t\t\t\t\t\t<\/div>\n\t\t\t\t<\/div>\n\t\t\t\t\t<\/div>\n\t\t\t\t<\/div>\n\t\t<div class=\"elementor-element elementor-element-b247514 e-grid bento-box e-con-boxed e-con e-parent\" data-id=\"b247514\" data-element_type=\"container\">\n\t\t\t\t\t<div class=\"e-con-inner\">\n\t\t\t\t<div class=\"elementor-element elementor-element-4a26627 bento-item elementor-position-top elementor-invisible elementor-widget elementor-widget-image-box\" data-id=\"4a26627\" data-element_type=\"widget\" data-settings=\"{&quot;_animation&quot;:&quot;fadeIn&quot;}\" data-widget_type=\"image-box.default\">\n\t\t\t\t<div class=\"elementor-widget-container\">\n\t\t\t\t\t<div class=\"elementor-image-box-wrapper\"><figure class=\"elementor-image-box-img\"><img loading=\"lazy\" decoding=\"async\" width=\"640\" height=\"640\" src=\"https:\/\/e-uaem.mx\/portal02\/wp-content\/uploads\/2025\/10\/formacion.gif\" class=\"attachment-full size-full wp-image-2919\" alt=\"\" \/><\/figure><div class=\"elementor-image-box-content\"><h4 class=\"elementor-image-box-title\">Curso de asesor\u00eda en l\u00ednea<\/h4><p class=\"elementor-image-box-description\">Propiciar en el participante, a partir de experiencias significativas, el desarrollo de estrategias y la ejecuci\u00f3n de acciones que le permitan atender eficazmente su funci\u00f3n como asesor en l\u00ednea.\n\n<br>\n<br>\n<div>\n<a href=\"https:\/\/drive.google.com\/file\/d\/1EKl_10cCa8Bhcpzq6_G-FXX5R1esN0-i\/view?usp=sharing\" target=\"_blank\" class=\"boton-enlace\">\n      M\u00e1s informaci\u00f3n\n    <\/a>\n<\/div>\n\n<\/p><\/div><\/div>\t\t\t\t<\/div>\n\t\t\t\t<\/div>\n\t\t\t\t<div class=\"elementor-element elementor-element-02f4b3c bento-item elementor-position-top elementor-invisible elementor-widget elementor-widget-image-box\" data-id=\"02f4b3c\" data-element_type=\"widget\" data-settings=\"{&quot;_animation&quot;:&quot;fadeIn&quot;}\" data-widget_type=\"image-box.default\">\n\t\t\t\t<div class=\"elementor-widget-container\">\n\t\t\t\t\t<div class=\"elementor-image-box-wrapper\"><figure class=\"elementor-image-box-img\"><img loading=\"lazy\" decoding=\"async\" width=\"640\" height=\"640\" src=\"https:\/\/e-uaem.mx\/portal02\/wp-content\/uploads\/2025\/10\/examen.gif\" class=\"attachment-full size-full wp-image-2928\" alt=\"\" \/><\/figure><div class=\"elementor-image-box-content\"><h4 class=\"elementor-image-box-title\">Prueba de Evaluaci\u00f3n de Competencias en Asesor\u00eda en L\u00ednea (PECAL)<\/h4><p class=\"elementor-image-box-description\">El Examen PECAL eval\u00faa la competencia docente para asesorar en entornos virtuales e h\u00edbridos de la UAEM. Verifica el dominio en gesti\u00f3n del aula virtual, estrategias de acompa\u00f1amiento y evaluaci\u00f3n en l\u00ednea. Su aprobaci\u00f3n certifica la habilitaci\u00f3n para tutorizar asignaturas bajo estas modalidades.\n<br>\n<br>\n<\/p><\/div><\/div>\t\t\t\t<\/div>\n\t\t\t\t<\/div>\n\t\t\t\t\t<\/div>\n\t\t\t\t<\/div>\n\t\t\t\t<\/div>\n\t\t","protected":false},"excerpt":{"rendered":"<p>La formaci\u00f3n docente se centra en el desarrollo de competencias digitales, pedag\u00f3gicas y transversales. Esta formaci\u00f3n fomenta el uso de<\/p>\n","protected":false},"author":1,"featured_media":0,"parent":0,"menu_order":0,"comment_status":"closed","ping_status":"closed","template":"","meta":{"colormag_page_container_layout":"default_layout","colormag_page_sidebar_layout":"default_layout","footnotes":""},"class_list":["post-1404","page","type-page","status-publish","hentry"],"magazineBlocksPostFeaturedMedia":{"thumbnail":false,"medium":false,"medium_large":false,"large":false,"1536x1536":false,"2048x2048":false,"colormag-highlighted-post":false,"colormag-featured-post-medium":false,"colormag-featured-post-small":false,"colormag-featured-image":false,"colormag-default-news":false,"colormag-featured-image-large":false,"colormag-elementor-block-extra-large-thumbnail":false,"colormag-elementor-grid-large-thumbnail":false,"colormag-elementor-grid-small-thumbnail":false,"colormag-elementor-grid-medium-large-thumbnail":false},"magazineBlocksPostAuthor":{"name":"euaem.admin","avatar":"https:\/\/secure.gravatar.com\/avatar\/db6bcfcf2c3ec6c3ae959fb3e8d51d17c93480fcd2e50154caa1c08ea5df6d96?s=96&d=mm&r=g"},"magazineBlocksPostCommentsNumber":false,"magazineBlocksPostExcerpt":"La formaci\u00f3n docente se centra en el desarrollo de competencias digitales, pedag\u00f3gicas y transversales. Esta formaci\u00f3n fomenta el uso de","magazineBlocksPostCategories":[],"magazineBlocksPostViewCount":0,"magazineBlocksPostReadTime":1,"_links":{"self":[{"href":"https:\/\/e-uaem.mx\/portal02\/index.php\/wp-json\/wp\/v2\/pages\/1404","targetHints":{"allow":["GET"]}}],"collection":[{"href":"https:\/\/e-uaem.mx\/portal02\/index.php\/wp-json\/wp\/v2\/pages"}],"about":[{"href":"https:\/\/e-uaem.mx\/portal02\/index.php\/wp-json\/wp\/v2\/types\/page"}],"author":[{"embeddable":true,"href":"https:\/\/e-uaem.mx\/portal02\/index.php\/wp-json\/wp\/v2\/users\/1"}],"replies":[{"embeddable":true,"href":"https:\/\/e-uaem.mx\/portal02\/index.php\/wp-json\/wp\/v2\/comments?post=1404"}],"version-history":[{"count":164,"href":"https:\/\/e-uaem.mx\/portal02\/index.php\/wp-json\/wp\/v2\/pages\/1404\/revisions"}],"predecessor-version":[{"id":2931,"href":"https:\/\/e-uaem.mx\/portal02\/index.php\/wp-json\/wp\/v2\/pages\/1404\/revisions\/2931"}],"wp:attachment":[{"href":"https:\/\/e-uaem.mx\/portal02\/index.php\/wp-json\/wp\/v2\/media?parent=1404"}],"curies":[{"name":"wp","href":"https:\/\/api.w.org\/{rel}","templated":true}]}}