{"id":1862,"date":"2025-04-02T22:48:49","date_gmt":"2025-04-02T22:48:49","guid":{"rendered":"http:\/\/e-uaem.mx\/portal02\/?page_id=1862"},"modified":"2025-04-11T17:34:01","modified_gmt":"2025-04-11T17:34:01","slug":"evaluacion","status":"publish","type":"page","link":"https:\/\/e-uaem.mx\/portal02\/index.php\/evaluacion\/","title":{"rendered":"Evaluaci\u00f3n"},"content":{"rendered":"\t\t<div data-elementor-type=\"wp-page\" data-elementor-id=\"1862\" class=\"elementor elementor-1862\">\n\t\t\t\t<div class=\"elementor-element elementor-element-3a57feb e-flex e-con-boxed e-con e-parent\" data-id=\"3a57feb\" data-element_type=\"container\">\n\t\t\t\t\t<div class=\"e-con-inner\">\n\t\t\t\t<div class=\"elementor-element elementor-element-05619a5 elementor-widget elementor-widget-text-editor\" data-id=\"05619a5\" data-element_type=\"widget\" data-widget_type=\"text-editor.default\">\n\t\t\t\t<div class=\"elementor-widget-container\">\n\t\t\t\t\t\t\t\t\t<p style=\"font-size: 2rem;\">\n\nEn la modalidad presencial se considera la tradicional evaluaci\u00f3n al desempe\u00f1o docente, a diferencia de ello, en la educaci\u00f3n multimodal se valora la experiencia de los y las estudiantes en los entornos de aprendizaje h\u00edbridos y virtuales.\n<\/p>\t\t\t\t\t\t\t\t<\/div>\n\t\t\t\t<\/div>\n\t\t\t\t\t<\/div>\n\t\t\t\t<\/div>\n\t\t<div class=\"elementor-element elementor-element-0ecd382 e-flex e-con-boxed e-con e-parent\" data-id=\"0ecd382\" data-element_type=\"container\">\n\t\t\t\t\t<div class=\"e-con-inner\">\n\t\t\t\t<div class=\"elementor-element elementor-element-7635cee elementor-widget elementor-widget-spacer\" data-id=\"7635cee\" data-element_type=\"widget\" data-widget_type=\"spacer.default\">\n\t\t\t\t<div class=\"elementor-widget-container\">\n\t\t\t\t\t\t\t<div class=\"elementor-spacer\">\n\t\t\t<div class=\"elementor-spacer-inner\"><\/div>\n\t\t<\/div>\n\t\t\t\t\t\t<\/div>\n\t\t\t\t<\/div>\n\t\t\t\t\t<\/div>\n\t\t\t\t<\/div>\n\t\t<div class=\"elementor-element elementor-element-5b7c589 e-flex e-con-boxed e-con e-parent\" data-id=\"5b7c589\" data-element_type=\"container\">\n\t\t\t\t\t<div class=\"e-con-inner\">\n\t\t\t\t<div class=\"elementor-element elementor-element-747cc69 elementor-widget elementor-widget-heading\" data-id=\"747cc69\" data-element_type=\"widget\" data-widget_type=\"heading.default\">\n\t\t\t\t<div class=\"elementor-widget-container\">\n\t\t\t\t\t<h2 class=\"elementor-heading-title elementor-size-default\">Normatividad<\/h2>\t\t\t\t<\/div>\n\t\t\t\t<\/div>\n\t\t\t\t\t<\/div>\n\t\t\t\t<\/div>\n\t\t<div class=\"elementor-element elementor-element-fb78aa6 e-flex e-con-boxed e-con e-parent\" data-id=\"fb78aa6\" data-element_type=\"container\">\n\t\t\t\t\t<div class=\"e-con-inner\">\n\t\t\t\t<div class=\"elementor-element elementor-element-66b916b elementor-widget elementor-widget-text-editor\" data-id=\"66b916b\" data-element_type=\"widget\" data-widget_type=\"text-editor.default\">\n\t\t\t\t<div class=\"elementor-widget-container\">\n\t\t\t\t\t\t\t\t\t<p style=\"font-size: 2rem;\">En el Programa de Formaci\u00f3n Multimodal (e-UAEM), llevamos a cabo nuestras actividades bajo los lineamientos del <i>Reglamento General de Modalidades Educativas para la Universidad Aut\u00f3noma del Estado de Morelos,\u00a0<\/i>establecido en el <i>\u00d3rgano Informativo Universitario de la Universidad Aut\u00f3noma del Estado de Morelos \u00abAdolfo Men\u00e9ndez Samar\u00e1\u00bb<\/i>.<\/p>\t\t\t\t\t\t\t\t<\/div>\n\t\t\t\t<\/div>\n\t\t\t\t<div class=\"elementor-element elementor-element-7a6d2c7 elementor-align-center elementor-widget elementor-widget-button\" data-id=\"7a6d2c7\" data-element_type=\"widget\" data-widget_type=\"button.default\">\n\t\t\t\t<div class=\"elementor-widget-container\">\n\t\t\t\t\t\t\t\t\t<div class=\"elementor-button-wrapper\">\n\t\t\t\t\t<a class=\"elementor-button elementor-button-link elementor-size-sm elementor-animation-grow\" href=\"http:\/\/e-uaem.mx\/portal02\/wp-content\/uploads\/2025\/04\/59.-Menendez_Samara.pdf\" target=\"_blank\">\n\t\t\t\t\t\t<span class=\"elementor-button-content-wrapper\">\n\t\t\t\t\t\t\t\t\t<span class=\"elementor-button-text\">Saber m\u00e1s<\/span>\n\t\t\t\t\t<\/span>\n\t\t\t\t\t<\/a>\n\t\t\t\t<\/div>\n\t\t\t\t\t\t\t\t<\/div>\n\t\t\t\t<\/div>\n\t\t\t\t\t<\/div>\n\t\t\t\t<\/div>\n\t\t<div class=\"elementor-element elementor-element-671fa63 e-flex e-con-boxed e-con e-parent\" data-id=\"671fa63\" data-element_type=\"container\">\n\t\t\t\t\t<div class=\"e-con-inner\">\n\t\t\t\t<div class=\"elementor-element elementor-element-ae2b5fe elementor-widget elementor-widget-spacer\" data-id=\"ae2b5fe\" data-element_type=\"widget\" data-widget_type=\"spacer.default\">\n\t\t\t\t<div class=\"elementor-widget-container\">\n\t\t\t\t\t\t\t<div class=\"elementor-spacer\">\n\t\t\t<div class=\"elementor-spacer-inner\"><\/div>\n\t\t<\/div>\n\t\t\t\t\t\t<\/div>\n\t\t\t\t<\/div>\n\t\t\t\t\t<\/div>\n\t\t\t\t<\/div>\n\t\t<div class=\"elementor-element elementor-element-bfd065f e-flex e-con-boxed e-con e-parent\" data-id=\"bfd065f\" data-element_type=\"container\">\n\t\t\t\t\t<div class=\"e-con-inner\">\n\t\t\t\t<div class=\"elementor-element elementor-element-b14264f elementor-widget elementor-widget-heading\" data-id=\"b14264f\" data-element_type=\"widget\" data-widget_type=\"heading.default\">\n\t\t\t\t<div class=\"elementor-widget-container\">\n\t\t\t\t\t<h2 class=\"elementor-heading-title elementor-size-default\">Evaluaci\u00f3n h\u00edbrida y virtual en la UAEM<\/h2>\t\t\t\t<\/div>\n\t\t\t\t<\/div>\n\t\t\t\t\t<\/div>\n\t\t\t\t<\/div>\n\t\t<div class=\"elementor-element elementor-element-a1b0702 e-flex e-con-boxed e-con e-parent\" data-id=\"a1b0702\" data-element_type=\"container\">\n\t\t\t\t\t<div class=\"e-con-inner\">\n\t\t\t\t<div class=\"elementor-element elementor-element-807468d elementor-widget elementor-widget-text-editor\" data-id=\"807468d\" data-element_type=\"widget\" data-widget_type=\"text-editor.default\">\n\t\t\t\t<div class=\"elementor-widget-container\">\n\t\t\t\t\t\t\t\t\t<p style=\"font-size: 2rem;\">En 2011, desarrollamos y piloteamos un instrumento para evaluar la experiencia de los y las estudiantes en las distintas asignaturas h\u00edbridas y virtuales. Posteriormente, a partir de 2012, con dicho instrumento como base, hemos evaluado de forma regular y peri\u00f3dica todas las asignaturas h\u00edbridas y virtuales que se ofertan en la Universidad Aut\u00f3noma del Estado de Morelos, las cuales hemos dise\u00f1ado y producido en el Espacio de Formaci\u00f3n Multimodal, e-UAEM.<\/p>\t\t\t\t\t\t\t\t<\/div>\n\t\t\t\t<\/div>\n\t\t\t\t\t<\/div>\n\t\t\t\t<\/div>\n\t\t<div class=\"elementor-element elementor-element-25e5f2f e-flex e-con-boxed e-con e-parent\" data-id=\"25e5f2f\" data-element_type=\"container\">\n\t\t\t\t\t<div class=\"e-con-inner\">\n\t\t\t\t<div class=\"elementor-element elementor-element-51cc059 elementor-widget elementor-widget-spacer\" data-id=\"51cc059\" data-element_type=\"widget\" data-widget_type=\"spacer.default\">\n\t\t\t\t<div class=\"elementor-widget-container\">\n\t\t\t\t\t\t\t<div class=\"elementor-spacer\">\n\t\t\t<div class=\"elementor-spacer-inner\"><\/div>\n\t\t<\/div>\n\t\t\t\t\t\t<\/div>\n\t\t\t\t<\/div>\n\t\t\t\t\t<\/div>\n\t\t\t\t<\/div>\n\t\t<div class=\"elementor-element elementor-element-8bdea69 e-flex e-con-boxed e-con e-parent\" data-id=\"8bdea69\" data-element_type=\"container\">\n\t\t\t\t\t<div class=\"e-con-inner\">\n\t\t\t\t<div class=\"elementor-element elementor-element-1164fce elementor-widget elementor-widget-heading\" data-id=\"1164fce\" data-element_type=\"widget\" data-widget_type=\"heading.default\">\n\t\t\t\t<div class=\"elementor-widget-container\">\n\t\t\t\t\t<h2 class=\"elementor-heading-title elementor-size-default\">\u00bfC\u00f3mo es la evaluaci\u00f3n de unidades curriculares h\u00edbridas y virtuales?<\/h2>\t\t\t\t<\/div>\n\t\t\t\t<\/div>\n\t\t\t\t\t<\/div>\n\t\t\t\t<\/div>\n\t\t<div class=\"elementor-element elementor-element-20886cd e-flex e-con-boxed e-con e-parent\" data-id=\"20886cd\" data-element_type=\"container\">\n\t\t\t\t\t<div class=\"e-con-inner\">\n\t\t\t\t<div class=\"elementor-element elementor-element-4a626ee elementor-widget elementor-widget-n-accordion\" data-id=\"4a626ee\" data-element_type=\"widget\" data-settings=\"{&quot;default_state&quot;:&quot;all_collapsed&quot;,&quot;max_items_expended&quot;:&quot;one&quot;,&quot;n_accordion_animation_duration&quot;:{&quot;unit&quot;:&quot;ms&quot;,&quot;size&quot;:400,&quot;sizes&quot;:[]}}\" data-widget_type=\"nested-accordion.default\">\n\t\t\t\t<div class=\"elementor-widget-container\">\n\t\t\t\t\t\t\t<div class=\"e-n-accordion\" aria-label=\"Accordion. Open links with Enter or Space, close with Escape, and navigate with Arrow Keys\">\n\t\t\t\t\t\t<details id=\"e-n-accordion-item-7790\" class=\"e-n-accordion-item\" >\n\t\t\t\t<summary class=\"e-n-accordion-item-title\" data-accordion-index=\"1\" tabindex=\"0\" aria-expanded=\"false\" aria-controls=\"e-n-accordion-item-7790\" >\n\t\t\t\t\t<span class='e-n-accordion-item-title-header'><div class=\"e-n-accordion-item-title-text\"> \u00bfQu\u00e9 se eval\u00faa en las materias h\u00edbridas y virtuales? <\/div><\/span>\n\t\t\t\t\t\t\t<span class='e-n-accordion-item-title-icon'>\n\t\t\t<span class='e-opened' ><svg aria-hidden=\"true\" class=\"e-font-icon-svg e-fas-minus\" viewBox=\"0 0 448 512\" xmlns=\"http:\/\/www.w3.org\/2000\/svg\"><path d=\"M416 208H32c-17.67 0-32 14.33-32 32v32c0 17.67 14.33 32 32 32h384c17.67 0 32-14.33 32-32v-32c0-17.67-14.33-32-32-32z\"><\/path><\/svg><\/span>\n\t\t\t<span class='e-closed'><svg aria-hidden=\"true\" class=\"e-font-icon-svg e-fas-plus\" viewBox=\"0 0 448 512\" xmlns=\"http:\/\/www.w3.org\/2000\/svg\"><path d=\"M416 208H272V64c0-17.67-14.33-32-32-32h-32c-17.67 0-32 14.33-32 32v144H32c-17.67 0-32 14.33-32 32v32c0 17.67 14.33 32 32 32h144v144c0 17.67 14.33 32 32 32h32c17.67 0 32-14.33 32-32V304h144c17.67 0 32-14.33 32-32v-32c0-17.67-14.33-32-32-32z\"><\/path><\/svg><\/span>\n\t\t<\/span>\n\n\t\t\t\t\t\t<\/summary>\n\t\t\t\t<div role=\"region\" aria-labelledby=\"e-n-accordion-item-7790\" class=\"elementor-element elementor-element-8d19f23 e-con-full e-flex e-con e-child\" data-id=\"8d19f23\" data-element_type=\"container\">\n\t\t<div role=\"region\" aria-labelledby=\"e-n-accordion-item-7790\" class=\"elementor-element elementor-element-7c3b3b7 e-flex e-con-boxed e-con e-child\" data-id=\"7c3b3b7\" data-element_type=\"container\">\n\t\t\t\t\t<div class=\"e-con-inner\">\n\t\t\t\t<div class=\"elementor-element elementor-element-430f13e elementor-widget elementor-widget-text-editor\" data-id=\"430f13e\" data-element_type=\"widget\" data-widget_type=\"text-editor.default\">\n\t\t\t\t<div class=\"elementor-widget-container\">\n\t\t\t\t\t\t\t\t\t<p style=\"font-size: 2rem;\">En la evaluaci\u00f3n de asignaturas h\u00edbridas y virtuales, valoramos la experiencia de los y las estudiante con respecto a tres aspectos fundamentales:<\/p><ol><li style=\"font-size: 2rem;\">El desempe\u00f1o del asesor o la asesora en l\u00ednea que acompa\u00f1\u00f3 la formaci\u00f3n, con mayor \u00e9nfasis, la calidad y la oportunidad de sus intervenciones a lo largo del curso.<\/li><li style=\"font-size: 2rem;\">La calidad del dise\u00f1o del curso, es decir, la relevancia y pertinencia de los contenidos y las actividades de aprendizaje.<\/li><li style=\"font-size: 2rem;\">El soporte t\u00e9cnico, es decir, el apoyo de nuestro equipo especializado en caso de dificultades t\u00e9cnicas.<\/li><\/ol><p style=\"font-size: 2rem;\">En e-UAEM consideramos que la experiencia buena, regular o mala que un o una estudiante pueda tener en el entorno virtual de aprendizaje, depende principalmente de estos tres factores.<\/p><p style=\"font-size: 2rem;\">En e-UAEM consideramos que la experiencia buena, regular o mala que un o una estudiante pueda tener en el entorno virtual de aprendizaje, depende principalmente de estos tres factores.<\/p>\t\t\t\t\t\t\t\t<\/div>\n\t\t\t\t<\/div>\n\t\t\t\t\t<\/div>\n\t\t\t\t<\/div>\n\t\t\t\t<\/div>\n\t\t\t\t\t<\/details>\n\t\t\t\t\t\t<details id=\"e-n-accordion-item-7791\" class=\"e-n-accordion-item\" >\n\t\t\t\t<summary class=\"e-n-accordion-item-title\" data-accordion-index=\"2\" tabindex=\"-1\" aria-expanded=\"false\" aria-controls=\"e-n-accordion-item-7791\" >\n\t\t\t\t\t<span class='e-n-accordion-item-title-header'><div class=\"e-n-accordion-item-title-text\"> \u00bfC\u00f3mo funciona el proceso de evaluaci\u00f3n de las materias h\u00edbridas y virtuales? <\/div><\/span>\n\t\t\t\t\t\t\t<span class='e-n-accordion-item-title-icon'>\n\t\t\t<span class='e-opened' ><svg aria-hidden=\"true\" class=\"e-font-icon-svg e-fas-minus\" viewBox=\"0 0 448 512\" xmlns=\"http:\/\/www.w3.org\/2000\/svg\"><path d=\"M416 208H32c-17.67 0-32 14.33-32 32v32c0 17.67 14.33 32 32 32h384c17.67 0 32-14.33 32-32v-32c0-17.67-14.33-32-32-32z\"><\/path><\/svg><\/span>\n\t\t\t<span class='e-closed'><svg aria-hidden=\"true\" class=\"e-font-icon-svg e-fas-plus\" viewBox=\"0 0 448 512\" xmlns=\"http:\/\/www.w3.org\/2000\/svg\"><path d=\"M416 208H272V64c0-17.67-14.33-32-32-32h-32c-17.67 0-32 14.33-32 32v144H32c-17.67 0-32 14.33-32 32v32c0 17.67 14.33 32 32 32h144v144c0 17.67 14.33 32 32 32h32c17.67 0 32-14.33 32-32V304h144c17.67 0 32-14.33 32-32v-32c0-17.67-14.33-32-32-32z\"><\/path><\/svg><\/span>\n\t\t<\/span>\n\n\t\t\t\t\t\t<\/summary>\n\t\t\t\t<div role=\"region\" aria-labelledby=\"e-n-accordion-item-7791\" class=\"elementor-element elementor-element-f00b56a e-con-full e-flex e-con e-child\" data-id=\"f00b56a\" data-element_type=\"container\">\n\t\t\t\t<div class=\"elementor-element elementor-element-53de5fd elementor-widget elementor-widget-text-editor\" data-id=\"53de5fd\" data-element_type=\"widget\" data-widget_type=\"text-editor.default\">\n\t\t\t\t<div class=\"elementor-widget-container\">\n\t\t\t\t\t\t\t\t\t<ul><li style=\"font-size: 2rem;\">El instrumento de evaluaci\u00f3n de asignaturas h\u00edbridas y virtuales es interactivo y lo aplicamos en l\u00ednea.<\/li><li style=\"font-size: 2rem;\">Cada estudiante encuentra el hiperv\u00ednculo al instrumento de evaluaci\u00f3n dentro de la plataforma e-UAEM, espec\u00edficamente, en la parte inferior o \u00faltimo bloque de la p\u00e1gina de la asignatura. Abrimos este hiperv\u00ednculo considerando el calendario institucional de evaluaci\u00f3n.<\/li><li style=\"font-size: 2rem;\">Las respuestas son an\u00f3nimas y las manejamos de manera estrictamente confidencial.<\/li><\/ul>\t\t\t\t\t\t\t\t<\/div>\n\t\t\t\t<\/div>\n\t\t\t\t<\/div>\n\t\t\t\t\t<\/details>\n\t\t\t\t\t\t<details id=\"e-n-accordion-item-7792\" class=\"e-n-accordion-item\" >\n\t\t\t\t<summary class=\"e-n-accordion-item-title\" data-accordion-index=\"3\" tabindex=\"-1\" aria-expanded=\"false\" aria-controls=\"e-n-accordion-item-7792\" >\n\t\t\t\t\t<span class='e-n-accordion-item-title-header'><div class=\"e-n-accordion-item-title-text\"> \u00bfQu\u00e9 pasa con la autoevaluaci\u00f3n docente en las materias h\u00edbridas y virtuales? <\/div><\/span>\n\t\t\t\t\t\t\t<span class='e-n-accordion-item-title-icon'>\n\t\t\t<span class='e-opened' ><svg aria-hidden=\"true\" class=\"e-font-icon-svg e-fas-minus\" viewBox=\"0 0 448 512\" xmlns=\"http:\/\/www.w3.org\/2000\/svg\"><path d=\"M416 208H32c-17.67 0-32 14.33-32 32v32c0 17.67 14.33 32 32 32h384c17.67 0 32-14.33 32-32v-32c0-17.67-14.33-32-32-32z\"><\/path><\/svg><\/span>\n\t\t\t<span class='e-closed'><svg aria-hidden=\"true\" class=\"e-font-icon-svg e-fas-plus\" viewBox=\"0 0 448 512\" xmlns=\"http:\/\/www.w3.org\/2000\/svg\"><path d=\"M416 208H272V64c0-17.67-14.33-32-32-32h-32c-17.67 0-32 14.33-32 32v144H32c-17.67 0-32 14.33-32 32v32c0 17.67 14.33 32 32 32h144v144c0 17.67 14.33 32 32 32h32c17.67 0 32-14.33 32-32V304h144c17.67 0 32-14.33 32-32v-32c0-17.67-14.33-32-32-32z\"><\/path><\/svg><\/span>\n\t\t<\/span>\n\n\t\t\t\t\t\t<\/summary>\n\t\t\t\t<div role=\"region\" aria-labelledby=\"e-n-accordion-item-7792\" class=\"elementor-element elementor-element-294a876 e-con-full e-flex e-con e-child\" data-id=\"294a876\" data-element_type=\"container\">\n\t\t\t\t<div class=\"elementor-element elementor-element-ca52e4c elementor-widget elementor-widget-text-editor\" data-id=\"ca52e4c\" data-element_type=\"widget\" data-widget_type=\"text-editor.default\">\n\t\t\t\t<div class=\"elementor-widget-container\">\n\t\t\t\t\t\t\t\t\t<ul>\n \t<li style=\"font-size: 2rem;\">La plataforma guarda un registro detallado de todas las intervenciones del cada asesor o asesora en l\u00ednea, por ejemplo, en foros, chats y retroalimentaciones de tareas, lo que le permite revisar su desempe\u00f1o en cualquier momento del curso, reflexionar sobre el mismo y autoevaluarse. Esto difiere de las materias presenciales, en las cuales no se guarda un registro de cada clase.<\/li>\n \t<li style=\"font-size: 2rem;\">En virtud de la particularidad antes se\u00f1alada, en entornos virtuales se considera innecesario contar con un instrumento ex-profeso de autoevaluaci\u00f3n.<\/li>\n \t<li style=\"font-size: 2rem;\">Cabe se\u00f1alar que tanto en materias presenciales como h\u00edbridas y virtuales, la autoevaluaci\u00f3n no es tomada en cuenta en el proceso de evaluaci\u00f3n para est\u00edmulos.<\/li>\n<\/ul>\t\t\t\t\t\t\t\t<\/div>\n\t\t\t\t<\/div>\n\t\t\t\t<\/div>\n\t\t\t\t\t<\/details>\n\t\t\t\t\t\t<details id=\"e-n-accordion-item-7793\" class=\"e-n-accordion-item\" >\n\t\t\t\t<summary class=\"e-n-accordion-item-title\" data-accordion-index=\"4\" tabindex=\"-1\" aria-expanded=\"false\" aria-controls=\"e-n-accordion-item-7793\" >\n\t\t\t\t\t<span class='e-n-accordion-item-title-header'><div class=\"e-n-accordion-item-title-text\"> Evaluaci\u00f3n de la experiencia del estudiante <\/div><\/span>\n\t\t\t\t\t\t\t<span class='e-n-accordion-item-title-icon'>\n\t\t\t<span class='e-opened' ><svg aria-hidden=\"true\" class=\"e-font-icon-svg e-fas-minus\" viewBox=\"0 0 448 512\" xmlns=\"http:\/\/www.w3.org\/2000\/svg\"><path d=\"M416 208H32c-17.67 0-32 14.33-32 32v32c0 17.67 14.33 32 32 32h384c17.67 0 32-14.33 32-32v-32c0-17.67-14.33-32-32-32z\"><\/path><\/svg><\/span>\n\t\t\t<span class='e-closed'><svg aria-hidden=\"true\" class=\"e-font-icon-svg e-fas-plus\" viewBox=\"0 0 448 512\" xmlns=\"http:\/\/www.w3.org\/2000\/svg\"><path d=\"M416 208H272V64c0-17.67-14.33-32-32-32h-32c-17.67 0-32 14.33-32 32v144H32c-17.67 0-32 14.33-32 32v32c0 17.67 14.33 32 32 32h144v144c0 17.67 14.33 32 32 32h32c17.67 0 32-14.33 32-32V304h144c17.67 0 32-14.33 32-32v-32c0-17.67-14.33-32-32-32z\"><\/path><\/svg><\/span>\n\t\t<\/span>\n\n\t\t\t\t\t\t<\/summary>\n\t\t\t\t<div role=\"region\" aria-labelledby=\"e-n-accordion-item-7793\" class=\"elementor-element elementor-element-8808d81 e-con-full e-flex e-con e-child\" data-id=\"8808d81\" data-element_type=\"container\">\n\t\t\t\t<div class=\"elementor-element elementor-element-306cfea elementor-widget elementor-widget-text-editor\" data-id=\"306cfea\" data-element_type=\"widget\" data-widget_type=\"text-editor.default\">\n\t\t\t\t<div class=\"elementor-widget-container\">\n\t\t\t\t\t\t\t\t\t<p style=\"font-size: 2rem;\">Cada estudiante encuentra el hiperv\u00ednculo al instrumento de evaluaci\u00f3n dentro de la propia plataforma e-UAEM, espec\u00edficamente, en la parte inferior o \u00faltimo bloque de la p\u00e1gina correspondiente a la asignatura h\u00edbrida o virtual (ver imagen abajo). Abrimos este hiperv\u00ednculo considerando el calendario institucional de evaluaci\u00f3n.<\/p>\t\t\t\t\t\t\t\t<\/div>\n\t\t\t\t<\/div>\n\t\t\t\t<\/div>\n\t\t\t\t\t<\/details>\n\t\t\t\t\t<\/div>\n\t\t\t\t\t\t<\/div>\n\t\t\t\t<\/div>\n\t\t\t\t\t<\/div>\n\t\t\t\t<\/div>\n\t\t\t\t<\/div>\n\t\t","protected":false},"excerpt":{"rendered":"<p>En la modalidad presencial se considera la tradicional evaluaci\u00f3n al desempe\u00f1o docente, a diferencia de ello, en la educaci\u00f3n multimodal<\/p>\n","protected":false},"author":1,"featured_media":0,"parent":0,"menu_order":0,"comment_status":"closed","ping_status":"closed","template":"","meta":{"colormag_page_container_layout":"default_layout","colormag_page_sidebar_layout":"default_layout","footnotes":""},"class_list":["post-1862","page","type-page","status-publish","hentry"],"magazineBlocksPostFeaturedMedia":{"thumbnail":false,"medium":false,"medium_large":false,"large":false,"1536x1536":false,"2048x2048":false,"colormag-highlighted-post":false,"colormag-featured-post-medium":false,"colormag-featured-post-small":false,"colormag-featured-image":false,"colormag-default-news":false,"colormag-featured-image-large":false,"colormag-elementor-block-extra-large-thumbnail":false,"colormag-elementor-grid-large-thumbnail":false,"colormag-elementor-grid-small-thumbnail":false,"colormag-elementor-grid-medium-large-thumbnail":false},"magazineBlocksPostAuthor":{"name":"euaem.admin","avatar":"https:\/\/secure.gravatar.com\/avatar\/db6bcfcf2c3ec6c3ae959fb3e8d51d17c93480fcd2e50154caa1c08ea5df6d96?s=96&d=mm&r=g"},"magazineBlocksPostCommentsNumber":false,"magazineBlocksPostExcerpt":"En la modalidad presencial se considera la tradicional evaluaci\u00f3n al desempe\u00f1o docente, a diferencia de ello, en la educaci\u00f3n multimodal","magazineBlocksPostCategories":[],"magazineBlocksPostViewCount":0,"magazineBlocksPostReadTime":6,"_links":{"self":[{"href":"https:\/\/e-uaem.mx\/portal02\/index.php\/wp-json\/wp\/v2\/pages\/1862","targetHints":{"allow":["GET"]}}],"collection":[{"href":"https:\/\/e-uaem.mx\/portal02\/index.php\/wp-json\/wp\/v2\/pages"}],"about":[{"href":"https:\/\/e-uaem.mx\/portal02\/index.php\/wp-json\/wp\/v2\/types\/page"}],"author":[{"embeddable":true,"href":"https:\/\/e-uaem.mx\/portal02\/index.php\/wp-json\/wp\/v2\/users\/1"}],"replies":[{"embeddable":true,"href":"https:\/\/e-uaem.mx\/portal02\/index.php\/wp-json\/wp\/v2\/comments?post=1862"}],"version-history":[{"count":55,"href":"https:\/\/e-uaem.mx\/portal02\/index.php\/wp-json\/wp\/v2\/pages\/1862\/revisions"}],"predecessor-version":[{"id":2245,"href":"https:\/\/e-uaem.mx\/portal02\/index.php\/wp-json\/wp\/v2\/pages\/1862\/revisions\/2245"}],"wp:attachment":[{"href":"https:\/\/e-uaem.mx\/portal02\/index.php\/wp-json\/wp\/v2\/media?parent=1862"}],"curies":[{"name":"wp","href":"https:\/\/api.w.org\/{rel}","templated":true}]}}